{"id":4732,"date":"2024-02-27T11:04:44","date_gmt":"2024-02-27T10:04:44","guid":{"rendered":"https:\/\/www.agduc.com\/?post_type=job_listing&#038;p=4732"},"modified":"2026-08-25T09:50:24","modified_gmt":"2026-08-25T07:50:24","slug":"ide-referent-unite-de-soins-montelimar","status":"publish","type":"job_listing","link":"https:\/\/www.agduc.com\/en_gb\/job\/ide-referent-unite-de-soins-montelimar\/","title":{"rendered":"IDE r\u00e9f\u00e9rent(e) d&rsquo;unit\u00e9 de soins &#8211; H\/F &#8211; Service de dialyse H\/F"},"content":{"rendered":"<p>[et_pb_section fb_built=\u00a0\u00bb1&Prime; fullwidth=\u00a0\u00bbon\u00a0\u00bb module_class=\u00a0\u00bbtitre-formation-section\u00a0\u00bb _builder_version=\u00a0\u00bb4.18.0&Prime; _module_preset=\u00a0\u00bbdefault\u00a0\u00bb global_colors_info=\u00a0\u00bb{}\u00a0\u00bb][et_pb_fullwidth_post_title meta=\u00a0\u00bboff\u00a0\u00bb featured_image=\u00a0\u00bboff\u00a0\u00bb _builder_version=\u00a0\u00bb4.22.2&Prime; _module_preset=\u00a0\u00bbdefault\u00a0\u00bb global_colors_info=\u00a0\u00bb{}\u00a0\u00bb][\/et_pb_fullwidth_post_title][\/et_pb_section][et_pb_section fb_built=\u00a0\u00bb1&Prime; module_class=\u00a0\u00bbdetails-offre-section\u00a0\u00bb _builder_version=\u00a0\u00bb4.18.0&Prime; _module_preset=\u00a0\u00bbdefault\u00a0\u00bb global_colors_info=\u00a0\u00bb{}\u00a0\u00bb][et_pb_row column_structure=\u00a0\u00bb1_2,1_2&Prime; _builder_version=\u00a0\u00bb4.22.2&Prime; _module_preset=\u00a0\u00bbdefault\u00a0\u00bb global_colors_info=\u00a0\u00bb{}\u00a0\u00bb][et_pb_column type=\u00a0\u00bb1_2&Prime; module_class=\u00a0\u00bboffre-contenu-col fade-in\u00a0\u00bb _builder_version=\u00a0\u00bb4.22.2&Prime; _module_preset=\u00a0\u00bbdefault\u00a0\u00bb global_colors_info=\u00a0\u00bb{}\u00a0\u00bb][et_pb_cta title=\u00a0\u00bbL&rsquo;Agduc\u00a0\u00bb admin_label=\u00a0\u00bbL\u2019Agduc\u00a0\u00bb module_class=\u00a0\u00bbchapeau-offre\u00a0\u00bb _builder_version=\u00a0\u00bb4.27.6&Prime; _module_preset=\u00a0\u00bbdefault\u00a0\u00bb header_level=\u00a0\u00bbh3&Prime; use_background_color=\u00a0\u00bboff\u00a0\u00bb text_orientation=\u00a0\u00bbleft\u00a0\u00bb background_layout=\u00a0\u00bblight\u00a0\u00bb global_colors_info=\u00a0\u00bb{}\u00a0\u00bb]<\/p>\n<p>L\u2019AGDUC est un \u00e9tablissement de sant\u00e9 priv\u00e9 \u00e0 but non lucratif sp\u00e9cialis\u00e9 dans la pr\u00e9vention des maladies r\u00e9nales et du traitement par la dialyse (h\u00e9modialyse, dialyse p\u00e9riton\u00e9ale) implant\u00e9 sur une quinzaine de sites en r\u00e9gion Rh\u00f4ne-Alpes et PACA.<br \/>Nous proposons une approche et un accompagnement personnalis\u00e9s des soins aux personnes atteintes de pathologies r\u00e9nales, en privil\u00e9giant l\u2019autonomie et l\u2019implication des patients (\u00e9ducation th\u00e9rapeutique).<br \/>Nous recherchons, pour notre site de Mont\u00e9limar, un\u00b7e <strong>IDE R\u00e9f\u00e9rent\u00b7e de Coordination<\/strong> <strong>en service de dialyse<\/strong> pour seconder et assurer un r\u00f4le de relais de proximit\u00e9 de la Responsable d\u2019Unit\u00e9s de Soins aupr\u00e8s des professionnels, notamment pour l\u2019organisation quotidienne, la gestion des al\u00e9as, la coordination des \u00e9quipes et le suivi de la bonne r\u00e9alisation des activit\u00e9s.<br \/>Vous rejoindrez une \u00e9quipe dynamique compos\u00e9e actuellement d\u20191 responsable unit\u00e9s de soins, 4 m\u00e9decins n\u00e9phrologues, environ 35 infirmiers et 8 aides-soignants.<\/p>\n<p>[\/et_pb_cta][et_pb_cta title=\u00a0\u00bbMissions\u00a0\u00bb admin_label=\u00a0\u00bbMission\u00a0\u00bb _builder_version=\u00a0\u00bb4.27.6&Prime; _module_preset=\u00a0\u00bbdefault\u00a0\u00bb header_level=\u00a0\u00bbh3&Prime; use_background_color=\u00a0\u00bboff\u00a0\u00bb text_orientation=\u00a0\u00bbleft\u00a0\u00bb background_layout=\u00a0\u00bblight\u00a0\u00bb global_colors_info=\u00a0\u00bb{}\u00a0\u00bb]<\/p>\n<p>Vous assurerez, en vous positionnant en soutien et en relais de la Responsable d\u2019Unit\u00e9s de Soins :<\/p>\n<ul>\n<li>L\u2019organisation quotidienne de l\u2019activit\u00e9 infirmi\u00e8re en fonction de la programmation des s\u00e9ances, des besoins des patients et des ressources disponibles, en veillant \u00e0 la continuit\u00e9 des soins ;<\/li>\n<li>La gestion et du suivi des plannings des IDE en veillant \u00e0 une r\u00e9partition \u00e9quilibr\u00e9e des ressources au regard de la charge en soins et en recherchant des solutions en cas d\u2019absence impr\u00e9vue et autre al\u00e9as,<\/li>\n<li>La coordination de l\u2019\u00e9quipe infirmi\u00e8re, en assurant un r\u00f4le d\u2019interlocuteur de proximit\u00e9 des IDE pour les questions relatives \u00e0 l\u2019organisation quotidienne, la transmission et l\u2019explication des consignes organisationnelles et en rendant compte \u00e0 la Responsable d\u2019Unit\u00e9s de soins en cas de situations n\u00e9cessitant son intervention,<\/li>\n<li>L\u2019accompagnement des personnels, notamment en participant \u00e0 l\u2019int\u00e9gration des nouveaux professionnels, en identifiant les besoins en formation et en contribuant au partage des bonnes pratiques.<\/li>\n<\/ul>\n<p>Vous contribuerez \u00e9galement \u00e0\u00a0:<\/p>\n<ul>\n<li>La Coordination des soins et des prises en charge, en veillant \u00e0 la continuit\u00e9 des prises en charge et \u00e0 la qualit\u00e9 des transmissions et en facilitant la coordination entre les IDE les m\u00e9decins n\u00e9phrologues et les autres professionnels,<\/li>\n<li>La Qualit\u00e9 et la S\u00e9curit\u00e9 des soins en veillant \u00e0 l\u2019application des proc\u00e9dures et protocoles en vigueur et en participant \u00e0 l\u2019analyse des dysfonctionnements et \u00e9v\u00e8nements ind\u00e9sirables\u00a0;<\/li>\n<\/ul>\n<p>Ainsi, vos domaines d\u2019intervention seront multiples : soins, gestion du planning et de ses al\u00e9as, coordination, ressources humaines, qualit\u00e9 et gestion des risques \u2026<\/p>\n<p>Vous travaillerez en \u00e9troite collaboration avec la Responsable des Unit\u00e9s de Soins, avec laquelle vous aurez des temps de coordination r\u00e9guliers pour garantir le partage de l\u2019information et la rapidit\u00e9 des arbitrages.<\/p>\n<p>[\/et_pb_cta][et_pb_cta title=\u00a0\u00bbProfil\u00a0\u00bb admin_label=\u00a0\u00bbProfil\u00a0\u00bb _builder_version=\u00a0\u00bb4.27.6&Prime; _module_preset=\u00a0\u00bbdefault\u00a0\u00bb header_level=\u00a0\u00bbh3&Prime; use_background_color=\u00a0\u00bboff\u00a0\u00bb text_orientation=\u00a0\u00bbleft\u00a0\u00bb background_layout=\u00a0\u00bblight\u00a0\u00bb global_colors_info=\u00a0\u00bb{}\u00a0\u00bb]<\/p>\n<p><strong>FORMATION ET EXPERIENCE\u00a0:<\/strong><\/p>\n<ul>\n<li>Dipl\u00f4me d\u2019\u00e9tat d\u2019infirmier requis.<\/li>\n<li>Exp\u00e9rience professionnelle infirmi\u00e8re confirm\u00e9e.<\/li>\n<li>Exp\u00e9rience en dialyse fortement souhait\u00e9e.<\/li>\n<li>Exp\u00e9rience de coordination d\u2019\u00e9quipe, de fonction de r\u00e9f\u00e9rent ou de gestion des organisations souhait\u00e9e.<\/li>\n<\/ul>\n<p><strong>COMPETENCES PROFESSIONNELLES<\/strong><\/p>\n<ul>\n<li>Ma\u00eetrise des soins infirmiers et connaissance de la prise en charge des patients insuffisants r\u00e9naux ;<\/li>\n<li>Exp\u00e9rience ou connaissance de l\u2019h\u00e9modialyse ;<\/li>\n<li>Capacit\u00e9 \u00e0 organiser et coordonner une activit\u00e9 de soins ;<\/li>\n<li>Ma\u00eetrise de la gestion des priorit\u00e9s et des al\u00e9as ;<\/li>\n<li>Connaissance des exigences de qualit\u00e9 et de s\u00e9curit\u00e9 des soins ;<\/li>\n<li>Ma\u00eetrise des outils informatiques et logiciels professionnels.<\/li>\n<\/ul>\n<p><strong>COMPETENCES MANAGERIALES ET RELATIONNELLES<\/strong><\/p>\n<ul>\n<li>Capacit\u00e9 \u00e0 coordonner une \u00e9quipe et \u00e0 donner des consignes claires ;<\/li>\n<li>Capacit\u00e9 \u00e0 prendre des d\u00e9cisions dans son p\u00e9rim\u00e8tre de responsabilit\u00e9 ;<\/li>\n<li>Capacit\u00e9 \u00e0 rendre compte et \u00e0 alerter ;<\/li>\n<li>Aptitude \u00e0 la communication, \u00e0 la m\u00e9diation et \u00e0 la gestion des tensions ;<\/li>\n<li>Sens de l\u2019\u00e9quit\u00e9 et aptitude \u00e0 travailler en \u00e9troite collaboration avec la Responsable d\u2019Unit\u00e9s de Soins ;<\/li>\n<\/ul>\n<p>[\/et_pb_cta][\/et_pb_column][et_pb_column type=\u00a0\u00bb1_2&Prime; module_class=\u00a0\u00bboffre-resume-col fade-in\u00a0\u00bb _builder_version=\u00a0\u00bb4.22.2&Prime; _module_preset=\u00a0\u00bbdefault\u00a0\u00bb global_colors_info=\u00a0\u00bb{}\u00a0\u00bb][et_pb_cta title=\u00a0\u00bbLieu\u00a0\u00bb admin_label=\u00a0\u00bbLieu\u00a0\u00bb _builder_version=\u00a0\u00bb4.27.6&Prime; _module_preset=\u00a0\u00bbdefault\u00a0\u00bb header_level=\u00a0\u00bbh4&Prime; use_background_color=\u00a0\u00bboff\u00a0\u00bb text_orientation=\u00a0\u00bbleft\u00a0\u00bb background_layout=\u00a0\u00bblight\u00a0\u00bb global_colors_info=\u00a0\u00bb{}\u00a0\u00bb]<\/p>\n<p>Mont\u00e9limar (26)<\/p>\n<p>[\/et_pb_cta][et_pb_cta title=\u00a0\u00bbType de contrat\u00a0\u00bb admin_label=\u00a0\u00bbType de contrat\u00a0\u00bb _builder_version=\u00a0\u00bb4.27.6&Prime; _module_preset=\u00a0\u00bbdefault\u00a0\u00bb header_level=\u00a0\u00bbh4&Prime; use_background_color=\u00a0\u00bboff\u00a0\u00bb text_orientation=\u00a0\u00bbleft\u00a0\u00bb background_layout=\u00a0\u00bblight\u00a0\u00bb global_colors_info=\u00a0\u00bb{}\u00a0\u00bb]<\/p>\n<ul>\n<li>CDI \u00e0 temps plein,<\/li>\n<li>CCN FEHAP 1951,<\/li>\n<li>Statut non cadre,<\/li>\n<li>Date de d\u00e9but de contrat\u00a0: d\u00e8s que possible.<\/li>\n<\/ul>\n<p>[\/et_pb_cta][et_pb_cta title=\u00a0\u00bbDur\u00e9e de travail\u00a0\u00bb disabled_on=\u00a0\u00bbon|on|on\u00a0\u00bb admin_label=\u00a0\u00bbDur\u00e9e de travail\u00a0\u00bb _builder_version=\u00a0\u00bb4.27.5&Prime; _module_preset=\u00a0\u00bbdefault\u00a0\u00bb header_level=\u00a0\u00bbh4&Prime; use_background_color=\u00a0\u00bboff\u00a0\u00bb text_orientation=\u00a0\u00bbleft\u00a0\u00bb background_layout=\u00a0\u00bblight\u00a0\u00bb disabled=\u00a0\u00bbon\u00a0\u00bb global_colors_info=\u00a0\u00bb{}\u00a0\u00bb]Temps plein (35h)<br \/>\nOrganisation du travail en 12h (pas de travail de nuit, ni le dimanche)<br \/>\n[\/et_pb_cta][et_pb_cta title=\u00a0\u00bbExp\u00e9rience\u00a0\u00bb admin_label=\u00a0\u00bbExp\u00e9rience\u00a0\u00bb _builder_version=\u00a0\u00bb4.27.6&Prime; _module_preset=\u00a0\u00bbdefault\u00a0\u00bb header_level=\u00a0\u00bbh4&Prime; use_background_color=\u00a0\u00bboff\u00a0\u00bb text_orientation=\u00a0\u00bbleft\u00a0\u00bb background_layout=\u00a0\u00bblight\u00a0\u00bb global_colors_info=\u00a0\u00bb{}\u00a0\u00bb]<\/p>\n<p>Exp\u00e9rience professionnelle infirmi\u00e8re confirm\u00e9e<\/p>\n<p>Exp\u00e9rience en dialyse fortement souhait\u00e9e<\/p>\n<p>Exp\u00e9rience de coordination d\u2019\u00e9quipe, de fonction de r\u00e9f\u00e9rent ou de gestion des organisations souhait\u00e9e<\/p>\n<p>[\/et_pb_cta][et_pb_cta title=\u00a0\u00bbSalaire et avantages\u00a0\u00bb admin_label=\u00a0\u00bbSalaire et avantages\u00a0\u00bb _builder_version=\u00a0\u00bb4.27.6&Prime; _module_preset=\u00a0\u00bbdefault\u00a0\u00bb header_level=\u00a0\u00bbh4&Prime; use_background_color=\u00a0\u00bboff\u00a0\u00bb text_orientation=\u00a0\u00bbleft\u00a0\u00bb background_layout=\u00a0\u00bblight\u00a0\u00bb hover_enabled=\u00a0\u00bb0&Prime; global_colors_info=\u00a0\u00bb{}\u00a0\u00bb sticky_enabled=\u00a0\u00bb0&Prime;]<\/p>\n<ul>\n<li>Coefficient de r\u00e9f\u00e9rence 477 \u2013 Compl\u00e9ment de Coordination de 40 points<\/li>\n<li>Salaire annuel brut \u00e0 partir de 35K\u20ac (salaire de base + compl\u00e9ment + prime annuelle d\u00e9centralis\u00e9e),<\/li>\n<li>Mutuelle d\u2019entreprise avec une participation employeur \u00e0 hauteur de 70%,<\/li>\n<li>CSE<\/li>\n<\/ul>\n<p><strong>Merci d&rsquo;envoyer votre candidature via le formulaire en bas de page.<\/strong><\/p>\n<p>[\/et_pb_cta][\/et_pb_column][\/et_pb_row][\/et_pb_section][et_pb_section fb_built=\u00a0\u00bb1&Prime; module_class=\u00a0\u00bbcandidature-spontanee-section fade-in\u00a0\u00bb _builder_version=\u00a0\u00bb4.22.2&Prime; _module_preset=\u00a0\u00bbdefault\u00a0\u00bb global_colors_info=\u00a0\u00bb{}\u00a0\u00bb][et_pb_row module_class=\u00a0\u00bbcandidature-spontanee-row\u00a0\u00bb _builder_version=\u00a0\u00bb4.18.0&Prime; _module_preset=\u00a0\u00bbdefault\u00a0\u00bb global_colors_info=\u00a0\u00bb{}\u00a0\u00bb][et_pb_column type=\u00a0\u00bb4_4&Prime; module_class=\u00a0\u00bbcontact-form-col \u00a0\u00bb _builder_version=\u00a0\u00bb4.18.0&Prime; _module_preset=\u00a0\u00bbdefault\u00a0\u00bb global_colors_info=\u00a0\u00bb{}\u00a0\u00bb][et_pb_cta title=\u00a0\u00bbPostuler \u00e0 cette offre\u00a0\u00bb admin_label=\u00a0\u00bbCandidature spontan\u00e9e\u00a0\u00bb module_class=\u00a0\u00bbh2-title\u00a0\u00bb _builder_version=\u00a0\u00bb4.18.0&Prime; _module_preset=\u00a0\u00bbdefault\u00a0\u00bb use_background_color=\u00a0\u00bboff\u00a0\u00bb background_layout=\u00a0\u00bblight\u00a0\u00bb global_colors_info=\u00a0\u00bb{}\u00a0\u00bb][\/et_pb_cta][et_pb_code admin_label=\u00a0\u00bbFormulaire\u00a0\u00bb _builder_version=\u00a0\u00bb4.19.2&Prime; _module_preset=\u00a0\u00bbdefault\u00a0\u00bb global_colors_info=\u00a0\u00bb{}\u00a0\u00bb]\n<div class=\"wpcf7 no-js\" id=\"wpcf7-f1720-o1\" lang=\"fr-FR\" dir=\"ltr\" data-wpcf7-id=\"1720\">\n<div class=\"screen-reader-response\"><p role=\"status\" aria-live=\"polite\" aria-atomic=\"true\"><\/p> <ul><\/ul><\/div>\n<form action=\"\/en_gb\/wp-json\/wp\/v2\/job-listings\/4732#wpcf7-f1720-o1\" method=\"post\" class=\"wpcf7-form init\" aria-label=\"Formulaire de contact\" enctype=\"multipart\/form-data\" novalidate=\"novalidate\" data-status=\"init\">\n<fieldset class=\"hidden-fields-container\"><input type=\"hidden\" name=\"_wpcf7\" value=\"1720\" \/><input type=\"hidden\" name=\"_wpcf7_version\" value=\"6.1.6\" \/><input type=\"hidden\" name=\"_wpcf7_locale\" value=\"fr_FR\" \/><input type=\"hidden\" name=\"_wpcf7_unit_tag\" value=\"wpcf7-f1720-o1\" \/><input type=\"hidden\" name=\"_wpcf7_container_post\" value=\"0\" \/><input type=\"hidden\" name=\"_wpcf7_posted_data_hash\" value=\"\" \/><input type=\"hidden\" name=\"_wpcf7_recaptcha_response\" value=\"\" \/>\n<\/fieldset>\n<p><label> Nom<br \/>\n<span class=\"wpcf7-form-control-wrap\" data-name=\"Nom\"><input size=\"40\" maxlength=\"400\" class=\"wpcf7-form-control wpcf7-text wpcf7-validates-as-required\" aria-required=\"true\" aria-invalid=\"false\" value=\"\" type=\"text\" name=\"Nom\" \/><\/span> <\/label><br \/>\n<label> Pr\u00e9nom<br \/>\n<span class=\"wpcf7-form-control-wrap\" data-name=\"Prenom\"><input size=\"40\" maxlength=\"400\" class=\"wpcf7-form-control wpcf7-text wpcf7-validates-as-required\" aria-required=\"true\" aria-invalid=\"false\" value=\"\" type=\"text\" name=\"Prenom\" \/><\/span> <\/label><br \/>\n<label> T\u00e9l\u00e9phone<br \/>\n<span class=\"wpcf7-form-control-wrap\" data-name=\"Tel\"><input size=\"40\" maxlength=\"400\" class=\"wpcf7-form-control wpcf7-tel wpcf7-text wpcf7-validates-as-tel\" aria-invalid=\"false\" value=\"\" type=\"tel\" name=\"Tel\" \/><\/span><\/label><br \/>\n<label> Email<br \/>\n<span class=\"wpcf7-form-control-wrap\" data-name=\"email\"><input size=\"40\" maxlength=\"400\" class=\"wpcf7-form-control wpcf7-email wpcf7-validates-as-required wpcf7-text wpcf7-validates-as-email\" aria-required=\"true\" aria-invalid=\"false\" value=\"\" type=\"email\" name=\"email\" \/><\/span> <\/label><br \/>\n<label> Candidature pour le poste :<br \/>\n<span class=\"wpcf7-form-control-wrap\" data-name=\"menu-325\"><select class=\"wpcf7-form-control wpcf7-select wpcf7-validates-as-required\" aria-required=\"true\" aria-invalid=\"false\" name=\"menu-325\"><option value=\"\">&#8212;Veuillez choisir une option&#8212;<\/option><option value=\"IDE r\u00e9f\u00e9rent(e) d\u2019unit\u00e9 de soins \u2013 H\/F \u2013 Service de dialyse H\/F (Mont\u00e9limar)\">IDE r\u00e9f\u00e9rent(e) d\u2019unit\u00e9 de soins \u2013 H\/F \u2013 Service de dialyse H\/F (Mont\u00e9limar)<\/option><\/select><\/span> <\/label><br \/>\n<label> CV<br \/>\n<span class=\"wpcf7-form-control-wrap\" data-name=\"Cv\"><input size=\"40\" class=\"wpcf7-form-control wpcf7-file wpcf7-validates-as-required\" accept=\".txt,.pdf\" aria-required=\"true\" aria-invalid=\"false\" type=\"file\" name=\"Cv\" \/><\/span> <\/label><br \/>\n<label> Autre(s) pi\u00e8ce(s)<br \/>\n<span class=\"wpcf7-form-control-wrap\" data-name=\"autre-piece\"><input size=\"40\" class=\"wpcf7-form-control wpcf7-file\" accept=\".txt,.pdf\" aria-invalid=\"false\" type=\"file\" name=\"autre-piece\" \/><\/span> <\/label><br \/>\n<label> Message<br \/>\n<span class=\"wpcf7-form-control-wrap\" data-name=\"message\"><textarea cols=\"40\" rows=\"10\" maxlength=\"2000\" class=\"wpcf7-form-control wpcf7-textarea\" aria-invalid=\"false\" name=\"message\"><\/textarea><\/span> <\/label><br \/>\n<label class=\"envoyer\"><input class=\"wpcf7-form-control wpcf7-submit has-spinner\" type=\"submit\" value=\"envoyer ma candidature\" \/><\/label>\n<\/p><div class=\"wpcf7-response-output\" aria-hidden=\"true\"><\/div>\n<\/form>\n<\/div>\n[\/et_pb_code][\/et_pb_column][\/et_pb_row][\/et_pb_section][et_pb_section fb_built=\u00a0\u00bb1&Prime; module_class=\u00a0\u00bbcontact-cta-section\u00a0\u00bb _builder_version=\u00a0\u00bb4.18.0&Prime; _module_preset=\u00a0\u00bbdefault\u00a0\u00bb global_module=\u00a0\u00bb386&Prime; saved_tabs=\u00a0\u00bball\u00a0\u00bb locked=\u00a0\u00bboff\u00a0\u00bb global_colors_info=\u00a0\u00bb{}\u00a0\u00bb][et_pb_row module_class=\u00a0\u00bbcontact-cta-row fade-in\u00a0\u00bb _builder_version=\u00a0\u00bb4.22.2&Prime; _module_preset=\u00a0\u00bbdefault\u00a0\u00bb global_colors_info=\u00a0\u00bb{}\u00a0\u00bb][et_pb_column type=\u00a0\u00bb4_4&Prime; _builder_version=\u00a0\u00bb4.18.0&Prime; _module_preset=\u00a0\u00bbdefault\u00a0\u00bb global_colors_info=\u00a0\u00bb{}\u00a0\u00bb][\/et_pb_column][\/et_pb_row][\/et_pb_section]<\/p>\n","protected":false},"author":2,"featured_media":0,"template":"","meta":{"_et_pb_use_builder":"on","_et_pb_old_content":"","_et_gb_content_width":"","_promoted":"","_job_location":"Mont\u00e9limar (26)","_application":"recrutement@agduc.com","_company_name":"","_company_website":"","_company_tagline":"","_company_twitter":"","_company_video":"","_filled":0,"_featured":0,"_remote_position":0,"_job_salary":"","_job_salary_currency":"","_job_salary_unit":""},"job-types":[24,32],"class_list":["post-4732","job_listing","type-job_listing","status-publish","hentry","job-type-cdi","job-type-temps-plein"],"_links":{"self":[{"href":"https:\/\/www.agduc.com\/en_gb\/wp-json\/wp\/v2\/job-listings\/4732","targetHints":{"allow":["GET"]}}],"collection":[{"href":"https:\/\/www.agduc.com\/en_gb\/wp-json\/wp\/v2\/job-listings"}],"about":[{"href":"https:\/\/www.agduc.com\/en_gb\/wp-json\/wp\/v2\/types\/job_listing"}],"author":[{"embeddable":true,"href":"https:\/\/www.agduc.com\/en_gb\/wp-json\/wp\/v2\/users\/2"}],"wp:attachment":[{"href":"https:\/\/www.agduc.com\/en_gb\/wp-json\/wp\/v2\/media?parent=4732"}],"wp:term":[{"taxonomy":"job_listing_type","embeddable":true,"href":"https:\/\/www.agduc.com\/en_gb\/wp-json\/wp\/v2\/job-types?post=4732"}],"curies":[{"name":"wp","href":"https:\/\/api.w.org\/{rel}","templated":true}]}}